{"id":105930,"date":"2019-11-11T10:04:19","date_gmt":"2019-11-11T09:04:19","guid":{"rendered":"http:\/\/www.radiopiu.net\/wordpress\/?page_id=105930"},"modified":"2019-11-19T17:44:32","modified_gmt":"2019-11-19T16:44:32","slug":"centanni-dalla-nascita-radio-piu-ricorda-armando-tama-da-roit","status":"publish","type":"page","link":"https:\/\/www.radiopiu.net\/wordpress\/centanni-dalla-nascita-radio-piu-ricorda-armando-tama-da-roit\/","title":{"rendered":"Cent&#8217;anni dalla nascita Radio Pi\u00f9 ricorda  Armando &#8220;Tama&#8221; Da Roit"},"content":{"rendered":"<div class=\"wpb-content-wrapper\">[vc_row][vc_column][vc_column_text]\n<h3><strong>12 novembre 1919-12 novembre 2019 A cent&#8217;anni dalla nascita Radio Pi\u00f9 ricorda Armando &#8220;Tama&#8221; Da Roit<\/strong><\/h3>\n<p>&#8220;Frammenti di un uomo tutto d&#8217;un pezzo&#8221; sar\u00e0 il programma che, giorno per giorno, per tutta la settimana, ci condurr\u00e0 sulle tracce dell&#8217;alpinista, dell&#8217;amministratore pubblico, del politico, del padre di famiglia. E lo far\u00e0 con le testimonianze inedite di alcuni dei tanti compagni di cordata.<\/p>\n<p><span style=\"color: #ff0000;\">IN ONDA ALLA RADIO: DA MARTEDI 12 NOVEMBRE A SABATO\u00a0 ALLE 9 05 (replica 18) e 15.10 (replica 21)<\/span><\/p>\n<audio class=\"wp-audio-shortcode\" id=\"audio-105930-1\" preload=\"none\" style=\"width: 100%;\" controls=\"controls\"><source type=\"audio\/mpeg\" src=\"http:\/\/www.radiopiu.net\/wordpress\/wp-content\/uploads\/2019\/11\/SIGLA-TAMA-1.mp3?_=1\" \/><a href=\"http:\/\/www.radiopiu.net\/wordpress\/wp-content\/uploads\/2019\/11\/SIGLA-TAMA-1.mp3\">http:\/\/www.radiopiu.net\/wordpress\/wp-content\/uploads\/2019\/11\/SIGLA-TAMA-1.mp3<\/a><\/audio>\n[\/vc_column_text][\/vc_column][\/vc_row][vc_row][vc_column]<style type=\"text\/css\" data-type=\"the7_shortcodes-inline-css\">.blog-shortcode.blog-list-shortcode-id-5893204a1a0276a7d4e4f515bb1ad98d.dividers-on.classic-layout-list article {\n  margin-top: 50px;\n  padding-top: 0;\n}\n.blog-shortcode.blog-list-shortcode-id-5893204a1a0276a7d4e4f515bb1ad98d.dividers-on.classic-layout-list article:first-of-type {\n  margin-top: 0;\n  padding-top: 0;\n}\n.blog-shortcode.blog-list-shortcode-id-5893204a1a0276a7d4e4f515bb1ad98d.classic-layout-list.mode-list .post-thumbnail-wrap {\n  width: 50%;\n}\n.blog-shortcode.blog-list-shortcode-id-5893204a1a0276a7d4e4f515bb1ad98d.classic-layout-list.mode-list .post-entry-content {\n  width: calc(100% - 50%);\n}\n.blog-shortcode.blog-list-shortcode-id-5893204a1a0276a7d4e4f515bb1ad98d.classic-layout-list.mode-list .no-img .post-entry-content {\n  width: 100%;\n}\n.blog-shortcode.blog-list-shortcode-id-5893204a1a0276a7d4e4f515bb1ad98d .filter-bg-decoration .filter-categories a.act {\n  color: #fff;\n}\n.blog-shortcode.blog-list-shortcode-id-5893204a1a0276a7d4e4f515bb1ad98d:not(.mode-masonry) article {\n  margin-top: 50px;\n}\n.blog-shortcode.blog-list-shortcode-id-5893204a1a0276a7d4e4f515bb1ad98d:not(.mode-masonry) article:first-of-type,\n.blog-shortcode.blog-list-shortcode-id-5893204a1a0276a7d4e4f515bb1ad98d:not(.mode-masonry) article.visible.first:not(.product) {\n  margin-top: 0;\n}\n.blog-shortcode.blog-list-shortcode-id-5893204a1a0276a7d4e4f515bb1ad98d.dividers-on:not(.mode-masonry) article {\n  margin-top: 0;\n  padding-top: 50px;\n}\n.blog-shortcode.blog-list-shortcode-id-5893204a1a0276a7d4e4f515bb1ad98d.dividers-on:not(.mode-masonry) article:first-of-type,\n.blog-shortcode.blog-list-shortcode-id-5893204a1a0276a7d4e4f515bb1ad98d.dividers-on:not(.mode-masonry) article.visible.first:not(.product) {\n  margin-top: 0;\n  padding-top: 0;\n}\n.blog-shortcode.blog-list-shortcode-id-5893204a1a0276a7d4e4f515bb1ad98d .post-thumbnail-wrap {\n  padding: 0px 0px 0px 0px;\n}\n.blog-shortcode.blog-list-shortcode-id-5893204a1a0276a7d4e4f515bb1ad98d.enable-bg-rollover .post-thumbnail-rollover:after {\n  background: -webkit-linear-gradient();\n  background: linear-gradient();\n}\n.blog-shortcode.blog-list-shortcode-id-5893204a1a0276a7d4e4f515bb1ad98d .gallery-zoom-ico {\n  width: 44px;\n  height: 44px;\n  line-height: 44px;\n  border-radius: 100px;\n  margin: -22px 0 0 -22px;\n  border-width: 0px;\n  color: #ffffff;\n}\n.bottom-overlap-layout-list.blog-shortcode.blog-list-shortcode-id-5893204a1a0276a7d4e4f515bb1ad98d .gallery-zoom-ico {\n  margin-top: -22px;\n}\n.gradient-overlay-layout-list.blog-shortcode.blog-list-shortcode-id-5893204a1a0276a7d4e4f515bb1ad98d .gallery-zoom-ico,\n.content-rollover-layout-list.blog-shortcode.blog-list-shortcode-id-5893204a1a0276a7d4e4f515bb1ad98d .gallery-zoom-ico {\n  margin: 0 0 10px;\n}\n.content-align-center.gradient-overlay-layout-list.blog-shortcode.blog-list-shortcode-id-5893204a1a0276a7d4e4f515bb1ad98d .gallery-zoom-ico,\n.content-align-center.content-rollover-layout-list.blog-shortcode.blog-list-shortcode-id-5893204a1a0276a7d4e4f515bb1ad98d .gallery-zoom-ico {\n  margin: 0 auto 10px;\n}\n.dt-icon-bg-on.blog-shortcode.blog-list-shortcode-id-5893204a1a0276a7d4e4f515bb1ad98d .gallery-zoom-ico {\n  background: rgba(255,255,255,0.3);\n  box-shadow: none;\n}\n.blog-shortcode.blog-list-shortcode-id-5893204a1a0276a7d4e4f515bb1ad98d .gallery-zoom-ico > span,\n.blog-shortcode.blog-list-shortcode-id-5893204a1a0276a7d4e4f515bb1ad98d .gallery-zoom-ico:before {\n  font-size: 32px;\n  line-height: 44px;\n}\n.blog-shortcode.blog-list-shortcode-id-5893204a1a0276a7d4e4f515bb1ad98d .gallery-zoom-ico > span,\n.blog-shortcode.blog-list-shortcode-id-5893204a1a0276a7d4e4f515bb1ad98d .gallery-zoom-ico:before {\n  color: #ffffff;\n}\n.blog-shortcode.blog-list-shortcode-id-5893204a1a0276a7d4e4f515bb1ad98d .fancy-date a {\n  background: #ffffff;\n  box-shadow: none;\n}\n.blog-shortcode.blog-list-shortcode-id-5893204a1a0276a7d4e4f515bb1ad98d .fancy-date a * {\n  color: #2d2d2d;\n}\n.blog-shortcode.blog-list-shortcode-id-5893204a1a0276a7d4e4f515bb1ad98d .entry-title,\n.blog-shortcode.blog-list-shortcode-id-5893204a1a0276a7d4e4f515bb1ad98d.owl-carousel .entry-title {\n  margin-bottom: 5px;\n  font-weight: bold;\n}\n.blog-shortcode.blog-list-shortcode-id-5893204a1a0276a7d4e4f515bb1ad98d .entry-meta {\n  margin-bottom: 15px;\n}\n.blog-shortcode.blog-list-shortcode-id-5893204a1a0276a7d4e4f515bb1ad98d .portfolio-categories {\n  margin-bottom: 15px;\n}\n.blog-shortcode.blog-list-shortcode-id-5893204a1a0276a7d4e4f515bb1ad98d .entry-excerpt {\n  margin-bottom: 5px;\n}\n.blog-shortcode.blog-list-shortcode-id-5893204a1a0276a7d4e4f515bb1ad98d:not(.centered-layout-list) .post-entry-content {\n  padding: 25px 30px 30px 30px;\n}\n.blog-shortcode.blog-list-shortcode-id-5893204a1a0276a7d4e4f515bb1ad98d:not(.centered-layout-list):not(.content-bg-on):not(.mode-list) .no-img .post-entry-content {\n  padding: 0;\n}\n@media screen and (max-width: 768px) {\n  .blog-shortcode.blog-list-shortcode-id-5893204a1a0276a7d4e4f515bb1ad98d article {\n    -ms-flex-flow: column nowrap;\n    flex-flow: column nowrap;\n    margin-top: 20px;\n  }\n  .blog-shortcode.blog-list-shortcode-id-5893204a1a0276a7d4e4f515bb1ad98d.dividers-on article {\n    border: none;\n  }\n  .blog-shortcode.blog-list-shortcode-id-5893204a1a0276a7d4e4f515bb1ad98d.content-bg-on.centered-layout-list article {\n    padding: 0;\n  }\n  .blog-shortcode.blog-list-shortcode-id-5893204a1a0276a7d4e4f515bb1ad98d.blog-shortcode.dividers-on article,\n  .blog-shortcode.blog-list-shortcode-id-5893204a1a0276a7d4e4f515bb1ad98d.dividers-on.classic-layout-list article {\n    margin-top: 20px;\n    padding: 0;\n  }\n  .blog-shortcode.blog-list-shortcode-id-5893204a1a0276a7d4e4f515bb1ad98d.blog-shortcode.dividers-on article:first-of-type,\n  .blog-shortcode.blog-list-shortcode-id-5893204a1a0276a7d4e4f515bb1ad98d.dividers-on.classic-layout-list article:first-of-type {\n    padding: 0;\n  }\n  #page .blog-shortcode.blog-list-shortcode-id-5893204a1a0276a7d4e4f515bb1ad98d .post-thumbnail-wrap,\n  #page .blog-shortcode.blog-list-shortcode-id-5893204a1a0276a7d4e4f515bb1ad98d .post-entry-content {\n    width: 100%;\n    margin: 0;\n    top: 0;\n  }\n  #page .blog-shortcode.blog-list-shortcode-id-5893204a1a0276a7d4e4f515bb1ad98d .post-thumbnail-wrap {\n    padding: 0;\n  }\n  #page .blog-shortcode.blog-list-shortcode-id-5893204a1a0276a7d4e4f515bb1ad98d .post-entry-content:after {\n    display: none;\n  }\n  #page .blog-shortcode.blog-list-shortcode-id-5893204a1a0276a7d4e4f515bb1ad98d .project-even .post-thumbnail-wrap,\n  #page .blog-shortcode.blog-list-shortcode-id-5893204a1a0276a7d4e4f515bb1ad98d.centered-layout-list .post-thumbnail-wrap {\n    -ms-flex-order: 0;\n    order: 0;\n  }\n  #page .blog-shortcode.blog-list-shortcode-id-5893204a1a0276a7d4e4f515bb1ad98d.centered-layout-list .post-entry-title-content {\n    -ms-flex-order: 1;\n    order: 1;\n    width: 100%;\n    padding: 20px 20px 0;\n  }\n  #page .blog-shortcode.blog-list-shortcode-id-5893204a1a0276a7d4e4f515bb1ad98d.centered-layout-list .post-entry-content {\n    -ms-flex-order: 2;\n    order: 2;\n    padding-top: 0;\n  }\n  #page .blog-shortcode.blog-list-shortcode-id-5893204a1a0276a7d4e4f515bb1ad98d .fancy-categories {\n    top: 10px;\n    left: 10px;\n    bottom: auto;\n    right: auto;\n  }\n  #page .blog-shortcode.blog-list-shortcode-id-5893204a1a0276a7d4e4f515bb1ad98d .fancy-date a {\n    top: 10px;\n    right: 10px;\n    left: auto;\n    bottom: auto;\n  }\n  #page .blog-shortcode.blog-list-shortcode-id-5893204a1a0276a7d4e4f515bb1ad98d .post-entry-content {\n    padding: 20px;\n  }\n  #page .blog-shortcode.blog-list-shortcode-id-5893204a1a0276a7d4e4f515bb1ad98d .entry-title {\n    margin: 3px 0 5px;\n    font-size: 20px;\n    line-height: 26px;\n  }\n  #page .blog-shortcode.blog-list-shortcode-id-5893204a1a0276a7d4e4f515bb1ad98d .entry-meta {\n    margin: 5px 0 5px;\n  }\n  #page .blog-shortcode.blog-list-shortcode-id-5893204a1a0276a7d4e4f515bb1ad98d .entry-excerpt {\n    margin: 15px 0 0;\n  }\n  #page .blog-shortcode.blog-list-shortcode-id-5893204a1a0276a7d4e4f515bb1ad98d .post-details {\n    margin: 5px 0 10px;\n  }\n  #page .blog-shortcode.blog-list-shortcode-id-5893204a1a0276a7d4e4f515bb1ad98d .post-details.details-type-link {\n    margin-bottom: 2px;\n  }\n}<\/style><div class=\"articles-list blog-shortcode mode-list blog-list-shortcode-id-5893204a1a0276a7d4e4f515bb1ad98d classic-layout-list dividers-on content-bg-on scale-img dt-icon-bg-off loading-effect-fade-in\" data-cur-page=\"1\" data-post-limit=\"-1\" data-pagination-mode=\"pages\"><\/div>[\/vc_column][\/vc_row]\n<p>&nbsp;<\/p>\n<blockquote><p>&nbsp;<\/p>\n<p>&nbsp;<\/p>\n<h3><strong><span style=\"color: #ff0000;\"><a class=\"dt-pswp-item\" href=\"http:\/\/www.radiopiu.net\/wordpress\/wp-content\/uploads\/2019\/11\/Armando-Tama-Da-Roit-e1574181851323.jpg\" data-dt-img-description=\"\" data-large_image_width=\"1687\" data-large_image_height=\"1164\"><img loading=\"lazy\" decoding=\"async\" class=\" wp-image-105949 alignleft\" src=\"http:\/\/www.radiopiu.net\/wordpress\/wp-content\/uploads\/2019\/11\/Armando-Tama-Da-Roit-e1574181851323-300x207.jpg\" alt=\"\" width=\"188\" height=\"130\" srcset=\"https:\/\/www.radiopiu.net\/wordpress\/wp-content\/uploads\/2019\/11\/Armando-Tama-Da-Roit-e1574181851323-300x207.jpg 300w, https:\/\/www.radiopiu.net\/wordpress\/wp-content\/uploads\/2019\/11\/Armando-Tama-Da-Roit-e1574181851323-768x530.jpg 768w, https:\/\/www.radiopiu.net\/wordpress\/wp-content\/uploads\/2019\/11\/Armando-Tama-Da-Roit-e1574181851323-1024x707.jpg 1024w, https:\/\/www.radiopiu.net\/wordpress\/wp-content\/uploads\/2019\/11\/Armando-Tama-Da-Roit-e1574181851323.jpg 1687w\" sizes=\"auto, (max-width: 188px) 100vw, 188px\" \/><\/a>INTERVISTA D&#8217;ARCHIVIO DI DARIO FONTANIVE. A COLLOQUIO CON ARMANDO TAMA DA ROIT, TRASMESSA UN&#8217;UNICA VOLTA NEL 2008 IN OCCASIONE DEI 10 ANNI DALLA SCOMPARSA DI ARMANDO DA ROIT.<\/span>\u00a0<\/strong><\/h3>\n<\/blockquote>\n<audio class=\"wp-audio-shortcode\" id=\"audio-105930-2\" preload=\"none\" style=\"width: 100%;\" controls=\"controls\"><source type=\"audio\/mpeg\" src=\"http:\/\/www.radiopiu.net\/wordpress\/wp-content\/uploads\/2019\/11\/TAMA-INTEGRALE.mp3?_=2\" \/><a href=\"http:\/\/www.radiopiu.net\/wordpress\/wp-content\/uploads\/2019\/11\/TAMA-INTEGRALE.mp3\">http:\/\/www.radiopiu.net\/wordpress\/wp-content\/uploads\/2019\/11\/TAMA-INTEGRALE.mp3<\/a><\/audio>\n<blockquote><p>&nbsp;<\/p>\n<p>&nbsp;<\/p>\n<p>&nbsp;<\/p>\n<p>&nbsp;<\/p><\/blockquote>\n<h3><a class=\"dt-pswp-item\" href=\"http:\/\/www.radiopiu.net\/wordpress\/wp-content\/uploads\/2018\/05\/GIANNI-SANTOMASO-e1543068566519.jpg\" data-dt-img-description=\"\" data-large_image_width=\"176\" data-large_image_height=\"176\"><img loading=\"lazy\" decoding=\"async\" class=\"wp-image-47951 alignleft\" src=\"http:\/\/www.radiopiu.net\/wordpress\/wp-content\/uploads\/2018\/05\/GIANNI-SANTOMASO-e1543068566519.jpg\" alt=\"\" width=\"122\" height=\"122\" srcset=\"https:\/\/www.radiopiu.net\/wordpress\/wp-content\/uploads\/2018\/05\/GIANNI-SANTOMASO-e1543068566519.jpg 176w, https:\/\/www.radiopiu.net\/wordpress\/wp-content\/uploads\/2018\/05\/GIANNI-SANTOMASO-e1543068566519-150x150.jpg 150w\" sizes=\"auto, (max-width: 122px) 100vw, 122px\" \/><\/a><\/h3>\n<h3><\/h3>\n<h3>PRESENTAZIONE DI GIANNI SANTOMASO<\/h3>\n<audio class=\"wp-audio-shortcode\" id=\"audio-105930-3\" preload=\"none\" style=\"width: 100%;\" controls=\"controls\"><source type=\"audio\/mpeg\" src=\"http:\/\/www.radiopiu.net\/wordpress\/wp-content\/uploads\/2019\/11\/gianni.mp3?_=3\" \/><a href=\"http:\/\/www.radiopiu.net\/wordpress\/wp-content\/uploads\/2019\/11\/gianni.mp3\">http:\/\/www.radiopiu.net\/wordpress\/wp-content\/uploads\/2019\/11\/gianni.mp3<\/a><\/audio>\n<p>&nbsp;<\/p>\n<p>&nbsp;<\/p>\n<p>&nbsp;<\/p>\n<p><strong><a class=\"dt-pswp-item\" href=\"http:\/\/www.radiopiu.net\/wordpress\/wp-content\/uploads\/2019\/11\/1978-Tama_luciani_a.jpg\" data-dt-img-description=\"\" data-large_image_width=\"1480\" data-large_image_height=\"1110\"><img loading=\"lazy\" decoding=\"async\" class=\" wp-image-106151 alignleft\" src=\"http:\/\/www.radiopiu.net\/wordpress\/wp-content\/uploads\/2019\/11\/1978-Tama_luciani_a-300x225.jpg\" alt=\"\" width=\"163\" height=\"122\" srcset=\"https:\/\/www.radiopiu.net\/wordpress\/wp-content\/uploads\/2019\/11\/1978-Tama_luciani_a-300x225.jpg 300w, https:\/\/www.radiopiu.net\/wordpress\/wp-content\/uploads\/2019\/11\/1978-Tama_luciani_a-768x576.jpg 768w, https:\/\/www.radiopiu.net\/wordpress\/wp-content\/uploads\/2019\/11\/1978-Tama_luciani_a-1024x768.jpg 1024w, https:\/\/www.radiopiu.net\/wordpress\/wp-content\/uploads\/2019\/11\/1978-Tama_luciani_a.jpg 1480w\" sizes=\"auto, (max-width: 163px) 100vw, 163px\" \/><\/a>AGORDO RICORDA &#8220;TAMA&#8221; DA ROIT NEL SUO CENTENARIO<\/strong><\/p>\n<blockquote><p><em>Alpinista, sindaco, socialista carismatico definito &#8220;galantuomo&#8221; dall&#8217;allora Cardinale Albino Luciani.<\/em><\/p><\/blockquote>\n<audio class=\"wp-audio-shortcode\" id=\"audio-105930-4\" preload=\"none\" style=\"width: 100%;\" controls=\"controls\"><source type=\"audio\/mpeg\" src=\"http:\/\/www.radiopiu.net\/wordpress\/wp-content\/uploads\/2019\/11\/GIANNI-TAMA-PRINCIPALE.mp3?_=4\" \/><a href=\"http:\/\/www.radiopiu.net\/wordpress\/wp-content\/uploads\/2019\/11\/GIANNI-TAMA-PRINCIPALE.mp3\">http:\/\/www.radiopiu.net\/wordpress\/wp-content\/uploads\/2019\/11\/GIANNI-TAMA-PRINCIPALE.mp3<\/a><\/audio>\n<p>&nbsp;<\/p>\n<p>&nbsp;<\/p>\n<p>&nbsp;<\/p>\n<h3><a class=\"dt-pswp-item\" href=\"http:\/\/www.radiopiu.net\/wordpress\/wp-content\/uploads\/2019\/11\/1954-Cima-Terranova-agosto-1954-Tama-con-Sonia-e-George-Livanos-e-Robert-Gabriel.jpg\" data-dt-img-description=\"\" data-large_image_width=\"1193\" data-large_image_height=\"1711\"><img loading=\"lazy\" decoding=\"async\" class=\"wp-image-106152 alignleft\" src=\"http:\/\/www.radiopiu.net\/wordpress\/wp-content\/uploads\/2019\/11\/1954-Cima-Terranova-agosto-1954-Tama-con-Sonia-e-George-Livanos-e-Robert-Gabriel-209x300.jpg\" alt=\"\" width=\"104\" height=\"149\" srcset=\"https:\/\/www.radiopiu.net\/wordpress\/wp-content\/uploads\/2019\/11\/1954-Cima-Terranova-agosto-1954-Tama-con-Sonia-e-George-Livanos-e-Robert-Gabriel-209x300.jpg 209w, https:\/\/www.radiopiu.net\/wordpress\/wp-content\/uploads\/2019\/11\/1954-Cima-Terranova-agosto-1954-Tama-con-Sonia-e-George-Livanos-e-Robert-Gabriel-768x1101.jpg 768w, https:\/\/www.radiopiu.net\/wordpress\/wp-content\/uploads\/2019\/11\/1954-Cima-Terranova-agosto-1954-Tama-con-Sonia-e-George-Livanos-e-Robert-Gabriel-714x1024.jpg 714w, https:\/\/www.radiopiu.net\/wordpress\/wp-content\/uploads\/2019\/11\/1954-Cima-Terranova-agosto-1954-Tama-con-Sonia-e-George-Livanos-e-Robert-Gabriel.jpg 1193w\" sizes=\"auto, (max-width: 104px) 100vw, 104px\" \/><\/a><\/h3>\n<h3><\/h3>\n<h3>FU ANCHE PRESIDENTE DI APPIA ED EPASA<\/h3>\n<blockquote><p><em>I tanti impegni di un uomo gi\u00e0 immerso nella politica<\/em><\/p><\/blockquote>\n<audio class=\"wp-audio-shortcode\" id=\"audio-105930-5\" preload=\"none\" style=\"width: 100%;\" controls=\"controls\"><source type=\"audio\/mpeg\" src=\"http:\/\/www.radiopiu.net\/wordpress\/wp-content\/uploads\/2019\/11\/GIANNI-TAMA-POLITICA.mp3?_=5\" \/><a href=\"http:\/\/www.radiopiu.net\/wordpress\/wp-content\/uploads\/2019\/11\/GIANNI-TAMA-POLITICA.mp3\">http:\/\/www.radiopiu.net\/wordpress\/wp-content\/uploads\/2019\/11\/GIANNI-TAMA-POLITICA.mp3<\/a><\/audio>\n<p>&nbsp;<\/p>\n<p>&nbsp;<\/p>\n<p>&nbsp;<\/p>\n<h3><a class=\"dt-pswp-item\" href=\"http:\/\/www.radiopiu.net\/wordpress\/wp-content\/uploads\/2019\/11\/Tama-con-la-famiglia-1.jpg\" data-dt-img-description=\"\" data-large_image_width=\"1752\" data-large_image_height=\"1180\"><img loading=\"lazy\" decoding=\"async\" class=\"wp-image-106153 alignleft\" src=\"http:\/\/www.radiopiu.net\/wordpress\/wp-content\/uploads\/2019\/11\/Tama-con-la-famiglia-1-300x202.jpg\" alt=\"\" width=\"193\" height=\"130\" srcset=\"https:\/\/www.radiopiu.net\/wordpress\/wp-content\/uploads\/2019\/11\/Tama-con-la-famiglia-1-300x202.jpg 300w, https:\/\/www.radiopiu.net\/wordpress\/wp-content\/uploads\/2019\/11\/Tama-con-la-famiglia-1-768x517.jpg 768w, https:\/\/www.radiopiu.net\/wordpress\/wp-content\/uploads\/2019\/11\/Tama-con-la-famiglia-1-1024x690.jpg 1024w, https:\/\/www.radiopiu.net\/wordpress\/wp-content\/uploads\/2019\/11\/Tama-con-la-famiglia-1.jpg 1752w\" sizes=\"auto, (max-width: 193px) 100vw, 193px\" \/><\/a>AMAVA LA FAMIGLIA E LA CASA, IL RICORDO AFFETTUOSO DELLE FIGLIE<\/h3>\n<blockquote><p><em>In casa godeva delle piccole cose, era la sua isola con aperture all&#8217;esterno<\/em><\/p><\/blockquote>\n<audio class=\"wp-audio-shortcode\" id=\"audio-105930-6\" preload=\"none\" style=\"width: 100%;\" controls=\"controls\"><source type=\"audio\/mpeg\" src=\"http:\/\/www.radiopiu.net\/wordpress\/wp-content\/uploads\/2019\/11\/GIANNI-TAMA-STORIA.mp3?_=6\" \/><a href=\"http:\/\/www.radiopiu.net\/wordpress\/wp-content\/uploads\/2019\/11\/GIANNI-TAMA-STORIA.mp3\">http:\/\/www.radiopiu.net\/wordpress\/wp-content\/uploads\/2019\/11\/GIANNI-TAMA-STORIA.mp3<\/a><\/audio>\n<h3><\/h3>\n<p>&nbsp;<\/p>\n<p>&nbsp;<\/p>\n<h3><a class=\"dt-pswp-item\" href=\"http:\/\/www.radiopiu.net\/wordpress\/wp-content\/uploads\/2019\/11\/1984-Adunanza-CAI-Caleda-1.jpg\" data-dt-img-description=\"\" data-large_image_width=\"1777\" data-large_image_height=\"1177\"><img loading=\"lazy\" decoding=\"async\" class=\"wp-image-106154 alignleft\" src=\"http:\/\/www.radiopiu.net\/wordpress\/wp-content\/uploads\/2019\/11\/1984-Adunanza-CAI-Caleda-1-300x199.jpg\" alt=\"\" width=\"194\" height=\"129\" srcset=\"https:\/\/www.radiopiu.net\/wordpress\/wp-content\/uploads\/2019\/11\/1984-Adunanza-CAI-Caleda-1-300x199.jpg 300w, https:\/\/www.radiopiu.net\/wordpress\/wp-content\/uploads\/2019\/11\/1984-Adunanza-CAI-Caleda-1-768x509.jpg 768w, https:\/\/www.radiopiu.net\/wordpress\/wp-content\/uploads\/2019\/11\/1984-Adunanza-CAI-Caleda-1-1024x678.jpg 1024w, https:\/\/www.radiopiu.net\/wordpress\/wp-content\/uploads\/2019\/11\/1984-Adunanza-CAI-Caleda-1.jpg 1777w\" sizes=\"auto, (max-width: 194px) 100vw, 194px\" \/><\/a>ARMANDO DA ROIT &#8220;TAMA&#8221; UNA SETTIMANA ALLA RADIO<\/h3>\n<blockquote><p><em>dal 12 novembre e per tutta la settimana i ricordi<\/em><\/p><\/blockquote>\n<audio class=\"wp-audio-shortcode\" id=\"audio-105930-7\" preload=\"none\" style=\"width: 100%;\" controls=\"controls\"><source type=\"audio\/mpeg\" src=\"http:\/\/www.radiopiu.net\/wordpress\/wp-content\/uploads\/2019\/11\/GIANNI-TAMA-RADIO.mp3?_=7\" \/><a href=\"http:\/\/www.radiopiu.net\/wordpress\/wp-content\/uploads\/2019\/11\/GIANNI-TAMA-RADIO.mp3\">http:\/\/www.radiopiu.net\/wordpress\/wp-content\/uploads\/2019\/11\/GIANNI-TAMA-RADIO.mp3<\/a><\/audio>\n<h3><\/h3>\n<p>&nbsp;<\/p>\n<h2 style=\"text-align: center;\"><span style=\"color: #ff0000;\">MARTEDI 12 NOVEMBRE<\/span><\/h2>\n<h3><a class=\"dt-pswp-item\" href=\"http:\/\/www.radiopiu.net\/wordpress\/wp-content\/uploads\/2019\/11\/1996Tama-con-Mario-Rigoni-Stern-Bepi-Pellegrinon-e-Loris-Santomaso-Trento.jpg\" data-dt-img-description=\"\" data-large_image_width=\"1734\" data-large_image_height=\"1181\"><img loading=\"lazy\" decoding=\"async\" class=\"size-medium wp-image-105947 alignleft\" src=\"http:\/\/www.radiopiu.net\/wordpress\/wp-content\/uploads\/2019\/11\/1996Tama-con-Mario-Rigoni-Stern-Bepi-Pellegrinon-e-Loris-Santomaso-Trento-300x204.jpg\" alt=\"\" width=\"300\" height=\"204\" srcset=\"https:\/\/www.radiopiu.net\/wordpress\/wp-content\/uploads\/2019\/11\/1996Tama-con-Mario-Rigoni-Stern-Bepi-Pellegrinon-e-Loris-Santomaso-Trento-300x204.jpg 300w, https:\/\/www.radiopiu.net\/wordpress\/wp-content\/uploads\/2019\/11\/1996Tama-con-Mario-Rigoni-Stern-Bepi-Pellegrinon-e-Loris-Santomaso-Trento-768x523.jpg 768w, https:\/\/www.radiopiu.net\/wordpress\/wp-content\/uploads\/2019\/11\/1996Tama-con-Mario-Rigoni-Stern-Bepi-Pellegrinon-e-Loris-Santomaso-Trento-1024x697.jpg 1024w, https:\/\/www.radiopiu.net\/wordpress\/wp-content\/uploads\/2019\/11\/1996Tama-con-Mario-Rigoni-Stern-Bepi-Pellegrinon-e-Loris-Santomaso-Trento.jpg 1734w\" sizes=\"auto, (max-width: 300px) 100vw, 300px\" \/><\/a><\/h3>\n<h3><\/h3>\n<h3><\/h3>\n<h3><\/h3>\n<h3><\/h3>\n<h3><\/h3>\n<p><strong>9 05 E 18 BEPI PELLEGRINON<\/strong><\/p>\n<audio class=\"wp-audio-shortcode\" id=\"audio-105930-8\" preload=\"none\" style=\"width: 100%;\" controls=\"controls\"><source type=\"audio\/mpeg\" src=\"http:\/\/www.radiopiu.net\/wordpress\/wp-content\/uploads\/2019\/11\/Bepi-Pellegrinon.mp3?_=8\" \/><a href=\"http:\/\/www.radiopiu.net\/wordpress\/wp-content\/uploads\/2019\/11\/Bepi-Pellegrinon.mp3\">http:\/\/www.radiopiu.net\/wordpress\/wp-content\/uploads\/2019\/11\/Bepi-Pellegrinon.mp3<\/a><\/audio>\n<p>&nbsp;<\/p>\n<p><strong>15.10 E 21 05 FRANCO COLLESELLI_LORIS SANTOMASO_CORRADO CHICCO CATTADORI<\/strong><\/p>\n<p style=\"text-align: center;\"><a class=\"dt-pswp-item\" href=\"http:\/\/www.radiopiu.net\/wordpress\/wp-content\/uploads\/2019\/11\/2d9c2695-6abf-4f14-b04f-bf1d47ee5f97-1.jpg\" data-dt-img-description=\"\" data-large_image_width=\"1280\" data-large_image_height=\"738\"><img loading=\"lazy\" decoding=\"async\" class=\"alignnone size-medium wp-image-106160\" src=\"http:\/\/www.radiopiu.net\/wordpress\/wp-content\/uploads\/2019\/11\/2d9c2695-6abf-4f14-b04f-bf1d47ee5f97-1-300x173.jpg\" alt=\"\" width=\"300\" height=\"173\" srcset=\"https:\/\/www.radiopiu.net\/wordpress\/wp-content\/uploads\/2019\/11\/2d9c2695-6abf-4f14-b04f-bf1d47ee5f97-1-300x173.jpg 300w, https:\/\/www.radiopiu.net\/wordpress\/wp-content\/uploads\/2019\/11\/2d9c2695-6abf-4f14-b04f-bf1d47ee5f97-1-768x443.jpg 768w, https:\/\/www.radiopiu.net\/wordpress\/wp-content\/uploads\/2019\/11\/2d9c2695-6abf-4f14-b04f-bf1d47ee5f97-1-1024x590.jpg 1024w, https:\/\/www.radiopiu.net\/wordpress\/wp-content\/uploads\/2019\/11\/2d9c2695-6abf-4f14-b04f-bf1d47ee5f97-1.jpg 1280w\" sizes=\"auto, (max-width: 300px) 100vw, 300px\" \/><\/a><a class=\"dt-pswp-item\" href=\"http:\/\/www.radiopiu.net\/wordpress\/wp-content\/uploads\/2019\/11\/775ea3d8-e7dd-47bf-9c80-e7618a5cfc98.jpg\" data-dt-img-description=\"\" data-large_image_width=\"1280\" data-large_image_height=\"738\"><img loading=\"lazy\" decoding=\"async\" class=\"alignnone size-medium wp-image-106158\" src=\"http:\/\/www.radiopiu.net\/wordpress\/wp-content\/uploads\/2019\/11\/775ea3d8-e7dd-47bf-9c80-e7618a5cfc98-300x173.jpg\" alt=\"\" width=\"300\" height=\"173\" srcset=\"https:\/\/www.radiopiu.net\/wordpress\/wp-content\/uploads\/2019\/11\/775ea3d8-e7dd-47bf-9c80-e7618a5cfc98-300x173.jpg 300w, https:\/\/www.radiopiu.net\/wordpress\/wp-content\/uploads\/2019\/11\/775ea3d8-e7dd-47bf-9c80-e7618a5cfc98-768x443.jpg 768w, https:\/\/www.radiopiu.net\/wordpress\/wp-content\/uploads\/2019\/11\/775ea3d8-e7dd-47bf-9c80-e7618a5cfc98-1024x590.jpg 1024w, https:\/\/www.radiopiu.net\/wordpress\/wp-content\/uploads\/2019\/11\/775ea3d8-e7dd-47bf-9c80-e7618a5cfc98.jpg 1280w\" sizes=\"auto, (max-width: 300px) 100vw, 300px\" \/><\/a><a class=\"dt-pswp-item\" href=\"http:\/\/www.radiopiu.net\/wordpress\/wp-content\/uploads\/2019\/11\/3e0c4cc0-0fad-4261-9eea-b6293372be1c.jpg\" data-dt-img-description=\"\" data-large_image_width=\"1280\" data-large_image_height=\"738\"><img loading=\"lazy\" decoding=\"async\" class=\"alignnone size-medium wp-image-106159\" src=\"http:\/\/www.radiopiu.net\/wordpress\/wp-content\/uploads\/2019\/11\/3e0c4cc0-0fad-4261-9eea-b6293372be1c-300x173.jpg\" alt=\"\" width=\"300\" height=\"173\" srcset=\"https:\/\/www.radiopiu.net\/wordpress\/wp-content\/uploads\/2019\/11\/3e0c4cc0-0fad-4261-9eea-b6293372be1c-300x173.jpg 300w, https:\/\/www.radiopiu.net\/wordpress\/wp-content\/uploads\/2019\/11\/3e0c4cc0-0fad-4261-9eea-b6293372be1c-768x443.jpg 768w, https:\/\/www.radiopiu.net\/wordpress\/wp-content\/uploads\/2019\/11\/3e0c4cc0-0fad-4261-9eea-b6293372be1c-1024x590.jpg 1024w, https:\/\/www.radiopiu.net\/wordpress\/wp-content\/uploads\/2019\/11\/3e0c4cc0-0fad-4261-9eea-b6293372be1c.jpg 1280w\" sizes=\"auto, (max-width: 300px) 100vw, 300px\" \/><\/a><\/p>\n<audio class=\"wp-audio-shortcode\" id=\"audio-105930-9\" preload=\"none\" style=\"width: 100%;\" controls=\"controls\"><source type=\"audio\/mpeg\" src=\"http:\/\/www.radiopiu.net\/wordpress\/wp-content\/uploads\/2019\/11\/Franco-Colleselli_Loris-Santomaso_Chicco-Cattadori.mp3?_=9\" \/><a href=\"http:\/\/www.radiopiu.net\/wordpress\/wp-content\/uploads\/2019\/11\/Franco-Colleselli_Loris-Santomaso_Chicco-Cattadori.mp3\">http:\/\/www.radiopiu.net\/wordpress\/wp-content\/uploads\/2019\/11\/Franco-Colleselli_Loris-Santomaso_Chicco-Cattadori.mp3<\/a><\/audio>\n<p>,<\/p>\n<p>&nbsp;<\/p>\n<p>&nbsp;<\/p>\n<h3 style=\"text-align: center;\"><span style=\"color: #ff0000;\">MERCOLEDI 13 NOVEMBRE<\/span><\/h3>\n<p><a class=\"dt-pswp-item\" href=\"http:\/\/www.radiopiu.net\/wordpress\/wp-content\/uploads\/2019\/11\/3b944c40-39a9-40e3-86a1-0a334f79cb17.jpg\" data-dt-img-description=\"\" data-large_image_width=\"1280\" data-large_image_height=\"738\"><img loading=\"lazy\" decoding=\"async\" class=\" wp-image-106164 alignleft\" src=\"http:\/\/www.radiopiu.net\/wordpress\/wp-content\/uploads\/2019\/11\/3b944c40-39a9-40e3-86a1-0a334f79cb17-300x173.jpg\" alt=\"\" width=\"258\" height=\"149\" srcset=\"https:\/\/www.radiopiu.net\/wordpress\/wp-content\/uploads\/2019\/11\/3b944c40-39a9-40e3-86a1-0a334f79cb17-300x173.jpg 300w, https:\/\/www.radiopiu.net\/wordpress\/wp-content\/uploads\/2019\/11\/3b944c40-39a9-40e3-86a1-0a334f79cb17-768x443.jpg 768w, https:\/\/www.radiopiu.net\/wordpress\/wp-content\/uploads\/2019\/11\/3b944c40-39a9-40e3-86a1-0a334f79cb17-1024x590.jpg 1024w, https:\/\/www.radiopiu.net\/wordpress\/wp-content\/uploads\/2019\/11\/3b944c40-39a9-40e3-86a1-0a334f79cb17.jpg 1280w\" sizes=\"auto, (max-width: 258px) 100vw, 258px\" \/><\/a><\/p>\n<p>&nbsp;<\/p>\n<p>&nbsp;<\/p>\n<p>&nbsp;<\/p>\n<p>&nbsp;<\/p>\n<p>&nbsp;<\/p>\n<p><strong>9 05 E 18 ERMANNO DE COL (PSI) <\/strong><\/p>\n<audio class=\"wp-audio-shortcode\" id=\"audio-105930-10\" preload=\"none\" style=\"width: 100%;\" controls=\"controls\"><source type=\"audio\/mpeg\" src=\"http:\/\/www.radiopiu.net\/wordpress\/wp-content\/uploads\/2019\/11\/Ermanno-De-Col-socialista.mp3?_=10\" \/><a href=\"http:\/\/www.radiopiu.net\/wordpress\/wp-content\/uploads\/2019\/11\/Ermanno-De-Col-socialista.mp3\">http:\/\/www.radiopiu.net\/wordpress\/wp-content\/uploads\/2019\/11\/Ermanno-De-Col-socialista.mp3<\/a><\/audio>\n<p>&nbsp;<\/p>\n<p>&nbsp;<\/p>\n<p><a class=\"dt-pswp-item\" href=\"http:\/\/www.radiopiu.net\/wordpress\/wp-content\/uploads\/2019\/11\/827b7182-d5d7-48fd-a2ce-716116856333.jpg\" data-dt-img-description=\"\" data-large_image_width=\"633\" data-large_image_height=\"730\"><img loading=\"lazy\" decoding=\"async\" class=\"alignnone wp-image-106302\" src=\"http:\/\/www.radiopiu.net\/wordpress\/wp-content\/uploads\/2019\/11\/827b7182-d5d7-48fd-a2ce-716116856333-260x300.jpg\" alt=\"\" width=\"130\" height=\"150\" srcset=\"https:\/\/www.radiopiu.net\/wordpress\/wp-content\/uploads\/2019\/11\/827b7182-d5d7-48fd-a2ce-716116856333-260x300.jpg 260w, https:\/\/www.radiopiu.net\/wordpress\/wp-content\/uploads\/2019\/11\/827b7182-d5d7-48fd-a2ce-716116856333.jpg 633w\" sizes=\"auto, (max-width: 130px) 100vw, 130px\" \/> <\/a><a class=\"dt-pswp-item\" href=\"http:\/\/www.radiopiu.net\/wordpress\/wp-content\/uploads\/2019\/11\/b15b7cd4-b693-4c35-9960-d4dfd5008e13.jpg\" data-dt-img-description=\"\" data-large_image_width=\"1600\" data-large_image_height=\"1048\"><img loading=\"lazy\" decoding=\"async\" class=\"alignnone wp-image-106304\" src=\"http:\/\/www.radiopiu.net\/wordpress\/wp-content\/uploads\/2019\/11\/b15b7cd4-b693-4c35-9960-d4dfd5008e13-300x197.jpg\" alt=\"\" width=\"229\" height=\"150\" srcset=\"https:\/\/www.radiopiu.net\/wordpress\/wp-content\/uploads\/2019\/11\/b15b7cd4-b693-4c35-9960-d4dfd5008e13-300x197.jpg 300w, https:\/\/www.radiopiu.net\/wordpress\/wp-content\/uploads\/2019\/11\/b15b7cd4-b693-4c35-9960-d4dfd5008e13-768x503.jpg 768w, https:\/\/www.radiopiu.net\/wordpress\/wp-content\/uploads\/2019\/11\/b15b7cd4-b693-4c35-9960-d4dfd5008e13-1024x671.jpg 1024w, https:\/\/www.radiopiu.net\/wordpress\/wp-content\/uploads\/2019\/11\/b15b7cd4-b693-4c35-9960-d4dfd5008e13.jpg 1600w\" sizes=\"auto, (max-width: 229px) 100vw, 229px\" \/><\/a><a class=\"dt-pswp-item\" href=\"http:\/\/www.radiopiu.net\/wordpress\/wp-content\/uploads\/2019\/11\/fa164563-4607-4ab2-9a08-7ec266ffff84.jpg\" data-dt-img-description=\"\" data-large_image_width=\"1600\" data-large_image_height=\"1062\"><img loading=\"lazy\" decoding=\"async\" class=\"alignnone wp-image-106303\" src=\"http:\/\/www.radiopiu.net\/wordpress\/wp-content\/uploads\/2019\/11\/fa164563-4607-4ab2-9a08-7ec266ffff84-300x199.jpg\" alt=\"\" width=\"227\" height=\"150\" srcset=\"https:\/\/www.radiopiu.net\/wordpress\/wp-content\/uploads\/2019\/11\/fa164563-4607-4ab2-9a08-7ec266ffff84-300x199.jpg 300w, https:\/\/www.radiopiu.net\/wordpress\/wp-content\/uploads\/2019\/11\/fa164563-4607-4ab2-9a08-7ec266ffff84-768x510.jpg 768w, https:\/\/www.radiopiu.net\/wordpress\/wp-content\/uploads\/2019\/11\/fa164563-4607-4ab2-9a08-7ec266ffff84-1024x680.jpg 1024w, https:\/\/www.radiopiu.net\/wordpress\/wp-content\/uploads\/2019\/11\/fa164563-4607-4ab2-9a08-7ec266ffff84.jpg 1600w\" sizes=\"auto, (max-width: 227px) 100vw, 227px\" \/><\/a><\/p>\n<p><strong>15.10 E 21. 05 ODDONE ZASSO &#8220;TOPO&#8221;<\/strong><\/p>\n<audio class=\"wp-audio-shortcode\" id=\"audio-105930-11\" preload=\"none\" style=\"width: 100%;\" controls=\"controls\"><source type=\"audio\/mpeg\" src=\"http:\/\/www.radiopiu.net\/wordpress\/wp-content\/uploads\/2019\/11\/Oddone-ZassoTopo.mp3?_=11\" \/><a href=\"http:\/\/www.radiopiu.net\/wordpress\/wp-content\/uploads\/2019\/11\/Oddone-ZassoTopo.mp3\">http:\/\/www.radiopiu.net\/wordpress\/wp-content\/uploads\/2019\/11\/Oddone-ZassoTopo.mp3<\/a><\/audio>\n<h3><\/h3>\n<p>&nbsp;<\/p>\n<p>&nbsp;<\/p>\n<h3 style=\"text-align: center;\"><span style=\"color: #ff0000;\">GIOVEDI 14 NOVEMBRE<\/span><\/h3>\n<p><strong><a class=\"dt-pswp-item\" href=\"http:\/\/www.radiopiu.net\/wordpress\/wp-content\/uploads\/2019\/11\/1977-Ingresso-don-Lino-foto-archivio-Loris-Santomaso.jpg\" data-dt-img-description=\"\" data-large_image_width=\"1760\" data-large_image_height=\"1182\"><img loading=\"lazy\" decoding=\"async\" class=\"size-medium wp-image-105969 alignleft\" src=\"http:\/\/www.radiopiu.net\/wordpress\/wp-content\/uploads\/2019\/11\/1977-Ingresso-don-Lino-foto-archivio-Loris-Santomaso-300x201.jpg\" alt=\"\" width=\"300\" height=\"201\" srcset=\"https:\/\/www.radiopiu.net\/wordpress\/wp-content\/uploads\/2019\/11\/1977-Ingresso-don-Lino-foto-archivio-Loris-Santomaso-300x201.jpg 300w, https:\/\/www.radiopiu.net\/wordpress\/wp-content\/uploads\/2019\/11\/1977-Ingresso-don-Lino-foto-archivio-Loris-Santomaso-768x516.jpg 768w, https:\/\/www.radiopiu.net\/wordpress\/wp-content\/uploads\/2019\/11\/1977-Ingresso-don-Lino-foto-archivio-Loris-Santomaso-1024x688.jpg 1024w, https:\/\/www.radiopiu.net\/wordpress\/wp-content\/uploads\/2019\/11\/1977-Ingresso-don-Lino-foto-archivio-Loris-Santomaso.jpg 1760w\" sizes=\"auto, (max-width: 300px) 100vw, 300px\" \/><\/a><\/strong><\/p>\n<p>&nbsp;<\/p>\n<p>&nbsp;<\/p>\n<p>&nbsp;<\/p>\n<p><strong>9 05 E 18 DON LINO MOTTES&#8230;\u00a0<\/strong><\/p>\n<audio class=\"wp-audio-shortcode\" id=\"audio-105930-12\" preload=\"none\" style=\"width: 100%;\" controls=\"controls\"><source type=\"audio\/mpeg\" src=\"http:\/\/www.radiopiu.net\/wordpress\/wp-content\/uploads\/2019\/11\/don-Lino-Mottes.mp3?_=12\" \/><a href=\"http:\/\/www.radiopiu.net\/wordpress\/wp-content\/uploads\/2019\/11\/don-Lino-Mottes.mp3\">http:\/\/www.radiopiu.net\/wordpress\/wp-content\/uploads\/2019\/11\/don-Lino-Mottes.mp3<\/a><\/audio>\n<p>&nbsp;<\/p>\n<p><strong><a class=\"dt-pswp-item\" href=\"http:\/\/www.radiopiu.net\/wordpress\/wp-content\/uploads\/2019\/11\/d534a79d-905c-44d7-812f-ba782c07487c.jpg\" data-dt-img-description=\"\" data-large_image_width=\"1280\" data-large_image_height=\"738\"><img loading=\"lazy\" decoding=\"async\" class=\"size-medium wp-image-106172 alignleft\" src=\"http:\/\/www.radiopiu.net\/wordpress\/wp-content\/uploads\/2019\/11\/d534a79d-905c-44d7-812f-ba782c07487c-300x173.jpg\" alt=\"\" width=\"300\" height=\"173\" srcset=\"https:\/\/www.radiopiu.net\/wordpress\/wp-content\/uploads\/2019\/11\/d534a79d-905c-44d7-812f-ba782c07487c-300x173.jpg 300w, https:\/\/www.radiopiu.net\/wordpress\/wp-content\/uploads\/2019\/11\/d534a79d-905c-44d7-812f-ba782c07487c-768x443.jpg 768w, https:\/\/www.radiopiu.net\/wordpress\/wp-content\/uploads\/2019\/11\/d534a79d-905c-44d7-812f-ba782c07487c-1024x590.jpg 1024w, https:\/\/www.radiopiu.net\/wordpress\/wp-content\/uploads\/2019\/11\/d534a79d-905c-44d7-812f-ba782c07487c.jpg 1280w\" sizes=\"auto, (max-width: 300px) 100vw, 300px\" \/><\/a><\/strong><\/p>\n<p>&nbsp;<\/p>\n<p>&nbsp;<\/p>\n<p><strong>&#8230;E ROBERTO DE MARTIN<\/strong><\/p>\n<audio class=\"wp-audio-shortcode\" id=\"audio-105930-13\" preload=\"none\" style=\"width: 100%;\" controls=\"controls\"><source type=\"audio\/mpeg\" src=\"http:\/\/www.radiopiu.net\/wordpress\/wp-content\/uploads\/2019\/11\/Roberto-De-Martin_Cai-nazionale.mp3?_=13\" \/><a href=\"http:\/\/www.radiopiu.net\/wordpress\/wp-content\/uploads\/2019\/11\/Roberto-De-Martin_Cai-nazionale.mp3\">http:\/\/www.radiopiu.net\/wordpress\/wp-content\/uploads\/2019\/11\/Roberto-De-Martin_Cai-nazionale.mp3<\/a><\/audio>\n<p>&nbsp;<\/p>\n<p>&nbsp;<\/p>\n<p>&nbsp;<\/p>\n<p><strong><a class=\"dt-pswp-item\" href=\"http:\/\/www.radiopiu.net\/wordpress\/wp-content\/uploads\/2019\/11\/Tama-con-la-famiglia-foto-archivio-Loris-Santomaso.jpg\" data-dt-img-description=\"\" data-large_image_width=\"1752\" data-large_image_height=\"1180\"><img loading=\"lazy\" decoding=\"async\" class=\"size-medium wp-image-105986 alignleft\" src=\"http:\/\/www.radiopiu.net\/wordpress\/wp-content\/uploads\/2019\/11\/Tama-con-la-famiglia-foto-archivio-Loris-Santomaso-300x202.jpg\" alt=\"\" width=\"300\" height=\"202\" srcset=\"https:\/\/www.radiopiu.net\/wordpress\/wp-content\/uploads\/2019\/11\/Tama-con-la-famiglia-foto-archivio-Loris-Santomaso-300x202.jpg 300w, https:\/\/www.radiopiu.net\/wordpress\/wp-content\/uploads\/2019\/11\/Tama-con-la-famiglia-foto-archivio-Loris-Santomaso-768x517.jpg 768w, https:\/\/www.radiopiu.net\/wordpress\/wp-content\/uploads\/2019\/11\/Tama-con-la-famiglia-foto-archivio-Loris-Santomaso-1024x690.jpg 1024w, https:\/\/www.radiopiu.net\/wordpress\/wp-content\/uploads\/2019\/11\/Tama-con-la-famiglia-foto-archivio-Loris-Santomaso.jpg 1752w\" sizes=\"auto, (max-width: 300px) 100vw, 300px\" \/><\/a><\/strong><\/p>\n<p>&nbsp;<\/p>\n<p>&nbsp;<\/p>\n<p>&nbsp;<\/p>\n<p><strong>15.0 E 21 05 CARLA E OTTILIA DA ROIT, LA FAMIGLIA<\/strong><\/p>\n<audio class=\"wp-audio-shortcode\" id=\"audio-105930-14\" preload=\"none\" style=\"width: 100%;\" controls=\"controls\"><source type=\"audio\/mpeg\" src=\"http:\/\/www.radiopiu.net\/wordpress\/wp-content\/uploads\/2019\/11\/Carla-e-Ottilia-Da-Roit_famiglia.mp3?_=14\" \/><a href=\"http:\/\/www.radiopiu.net\/wordpress\/wp-content\/uploads\/2019\/11\/Carla-e-Ottilia-Da-Roit_famiglia.mp3\">http:\/\/www.radiopiu.net\/wordpress\/wp-content\/uploads\/2019\/11\/Carla-e-Ottilia-Da-Roit_famiglia.mp3<\/a><\/audio>\n<h3><\/h3>\n<h3><\/h3>\n<p>&nbsp;<\/p>\n<blockquote>\n<h3 style=\"text-align: center;\"><span style=\"color: #ff0000;\">VENERDI 15 NOVEMBRE<\/span><\/h3>\n<\/blockquote>\n<p><a class=\"dt-pswp-item\" href=\"http:\/\/www.radiopiu.net\/wordpress\/wp-content\/uploads\/2019\/11\/86c86976-06a9-4112-bb34-6211f69fee12.jpg\" data-dt-img-description=\"\" data-large_image_width=\"1280\" data-large_image_height=\"738\"><img loading=\"lazy\" decoding=\"async\" class=\"wp-image-106171 alignleft\" src=\"http:\/\/www.radiopiu.net\/wordpress\/wp-content\/uploads\/2019\/11\/86c86976-06a9-4112-bb34-6211f69fee12-300x173.jpg\" alt=\"\" width=\"246\" height=\"142\" srcset=\"https:\/\/www.radiopiu.net\/wordpress\/wp-content\/uploads\/2019\/11\/86c86976-06a9-4112-bb34-6211f69fee12-300x173.jpg 300w, https:\/\/www.radiopiu.net\/wordpress\/wp-content\/uploads\/2019\/11\/86c86976-06a9-4112-bb34-6211f69fee12-768x443.jpg 768w, https:\/\/www.radiopiu.net\/wordpress\/wp-content\/uploads\/2019\/11\/86c86976-06a9-4112-bb34-6211f69fee12-1024x590.jpg 1024w, https:\/\/www.radiopiu.net\/wordpress\/wp-content\/uploads\/2019\/11\/86c86976-06a9-4112-bb34-6211f69fee12.jpg 1280w\" sizes=\"auto, (max-width: 246px) 100vw, 246px\" \/><\/a><\/p>\n<p>&nbsp;<\/p>\n<p>&nbsp;<\/p>\n<p>&nbsp;<\/p>\n<p><strong>9 05 E 18 ALESSANDRA FONTANA (NIPOTE)&#8230;<\/strong><\/p>\n<audio class=\"wp-audio-shortcode\" id=\"audio-105930-15\" preload=\"none\" style=\"width: 100%;\" controls=\"controls\"><source type=\"audio\/mpeg\" src=\"http:\/\/www.radiopiu.net\/wordpress\/wp-content\/uploads\/2019\/11\/Alessandra-Fontana_nipote.mp3?_=15\" \/><a href=\"http:\/\/www.radiopiu.net\/wordpress\/wp-content\/uploads\/2019\/11\/Alessandra-Fontana_nipote.mp3\">http:\/\/www.radiopiu.net\/wordpress\/wp-content\/uploads\/2019\/11\/Alessandra-Fontana_nipote.mp3<\/a><\/audio>\n<p>&nbsp;<\/p>\n<p>&nbsp;<\/p>\n<p><a class=\"dt-pswp-item\" href=\"http:\/\/www.radiopiu.net\/wordpress\/wp-content\/uploads\/2018\/06\/anna-magro.jpg\" data-dt-img-description=\"\" data-large_image_width=\"450\" data-large_image_height=\"600\"><img loading=\"lazy\" decoding=\"async\" class=\" wp-image-50482 alignleft\" src=\"http:\/\/www.radiopiu.net\/wordpress\/wp-content\/uploads\/2018\/06\/anna-magro-225x300.jpg\" alt=\"\" width=\"135\" height=\"180\" srcset=\"https:\/\/www.radiopiu.net\/wordpress\/wp-content\/uploads\/2018\/06\/anna-magro-225x300.jpg 225w, https:\/\/www.radiopiu.net\/wordpress\/wp-content\/uploads\/2018\/06\/anna-magro.jpg 450w\" sizes=\"auto, (max-width: 135px) 100vw, 135px\" \/><\/a><\/p>\n<p>&nbsp;<\/p>\n<p>&nbsp;<\/p>\n<p>&nbsp;<\/p>\n<p>.<strong>..E\u00a0 ANNA MAGRO PRESIDENTE CAI<\/strong><\/p>\n<audio class=\"wp-audio-shortcode\" id=\"audio-105930-16\" preload=\"none\" style=\"width: 100%;\" controls=\"controls\"><source type=\"audio\/mpeg\" src=\"http:\/\/www.radiopiu.net\/wordpress\/wp-content\/uploads\/2019\/11\/Anna-Magro_presidente-sezione-agordina-cai.mp3?_=16\" \/><a href=\"http:\/\/www.radiopiu.net\/wordpress\/wp-content\/uploads\/2019\/11\/Anna-Magro_presidente-sezione-agordina-cai.mp3\">http:\/\/www.radiopiu.net\/wordpress\/wp-content\/uploads\/2019\/11\/Anna-Magro_presidente-sezione-agordina-cai.mp3<\/a><\/audio>\n<p>&nbsp;<\/p>\n<p>&nbsp;<\/p>\n<p><strong><a class=\"dt-pswp-item\" href=\"http:\/\/www.radiopiu.net\/wordpress\/wp-content\/uploads\/2019\/11\/34564bb3-a7ae-4e91-8df7-86ab5ac45256.jpg\" data-dt-img-description=\"\" data-large_image_width=\"1280\" data-large_image_height=\"738\"><img loading=\"lazy\" decoding=\"async\" class=\"wp-image-106173 alignleft\" src=\"http:\/\/www.radiopiu.net\/wordpress\/wp-content\/uploads\/2019\/11\/34564bb3-a7ae-4e91-8df7-86ab5ac45256-300x173.jpg\" alt=\"\" width=\"201\" height=\"116\" srcset=\"https:\/\/www.radiopiu.net\/wordpress\/wp-content\/uploads\/2019\/11\/34564bb3-a7ae-4e91-8df7-86ab5ac45256-300x173.jpg 300w, https:\/\/www.radiopiu.net\/wordpress\/wp-content\/uploads\/2019\/11\/34564bb3-a7ae-4e91-8df7-86ab5ac45256-768x443.jpg 768w, https:\/\/www.radiopiu.net\/wordpress\/wp-content\/uploads\/2019\/11\/34564bb3-a7ae-4e91-8df7-86ab5ac45256-1024x590.jpg 1024w, https:\/\/www.radiopiu.net\/wordpress\/wp-content\/uploads\/2019\/11\/34564bb3-a7ae-4e91-8df7-86ab5ac45256.jpg 1280w\" sizes=\"auto, (max-width: 201px) 100vw, 201px\" \/><\/a><\/strong><\/p>\n<p>&nbsp;<\/p>\n<p>&nbsp;<\/p>\n<p><strong>15.10 E 21.05 EUGENIO BIEN<\/strong><\/p>\n<audio class=\"wp-audio-shortcode\" id=\"audio-105930-17\" preload=\"none\" style=\"width: 100%;\" controls=\"controls\"><source type=\"audio\/mpeg\" src=\"http:\/\/www.radiopiu.net\/wordpress\/wp-content\/uploads\/2019\/11\/Eugenio-Bien.mp3?_=17\" \/><a href=\"http:\/\/www.radiopiu.net\/wordpress\/wp-content\/uploads\/2019\/11\/Eugenio-Bien.mp3\">http:\/\/www.radiopiu.net\/wordpress\/wp-content\/uploads\/2019\/11\/Eugenio-Bien.mp3<\/a><\/audio>\n<p>&nbsp;<\/p>\n<p>&nbsp;<\/p>\n<p>&nbsp;<\/p>\n<h3 style=\"text-align: center;\"><span style=\"color: #ff0000;\">SABATO 16\u00a0 NOVEMBRE<\/span><\/h3>\n<h3><a class=\"dt-pswp-item\" href=\"http:\/\/www.radiopiu.net\/wordpress\/wp-content\/uploads\/2019\/11\/9aa7506c-8828-4848-862e-845784720852.jpg\" data-dt-img-description=\"\" data-large_image_width=\"1280\" data-large_image_height=\"738\"><img loading=\"lazy\" decoding=\"async\" class=\"size-medium wp-image-106165 alignleft\" src=\"http:\/\/www.radiopiu.net\/wordpress\/wp-content\/uploads\/2019\/11\/9aa7506c-8828-4848-862e-845784720852-300x173.jpg\" alt=\"\" width=\"300\" height=\"173\" srcset=\"https:\/\/www.radiopiu.net\/wordpress\/wp-content\/uploads\/2019\/11\/9aa7506c-8828-4848-862e-845784720852-300x173.jpg 300w, https:\/\/www.radiopiu.net\/wordpress\/wp-content\/uploads\/2019\/11\/9aa7506c-8828-4848-862e-845784720852-768x443.jpg 768w, https:\/\/www.radiopiu.net\/wordpress\/wp-content\/uploads\/2019\/11\/9aa7506c-8828-4848-862e-845784720852-1024x590.jpg 1024w, https:\/\/www.radiopiu.net\/wordpress\/wp-content\/uploads\/2019\/11\/9aa7506c-8828-4848-862e-845784720852.jpg 1280w\" sizes=\"auto, (max-width: 300px) 100vw, 300px\" \/><\/a>SABATO 16 NOVEMBRE<\/h3>\n<p>09 05 E 18 SENATORE EMILIO NERI<\/p>\n<audio class=\"wp-audio-shortcode\" id=\"audio-105930-18\" preload=\"none\" style=\"width: 100%;\" controls=\"controls\"><source type=\"audio\/mpeg\" src=\"http:\/\/www.radiopiu.net\/wordpress\/wp-content\/uploads\/2019\/11\/Senatore-Emilio-Neri.mp3?_=18\" \/><a href=\"http:\/\/www.radiopiu.net\/wordpress\/wp-content\/uploads\/2019\/11\/Senatore-Emilio-Neri.mp3\">http:\/\/www.radiopiu.net\/wordpress\/wp-content\/uploads\/2019\/11\/Senatore-Emilio-Neri.mp3<\/a><\/audio>\n<p>&nbsp;<\/p>\n<p>&nbsp;<\/p>\n<p>&nbsp;<\/p>\n<h3 style=\"text-align: center;\"><span style=\"color: #ff0000;\">LUNEDI 17\u00a0 NOVEMBRE<\/span><\/h3>\n<h3>Dino Buzzati<br \/>\nLA PASSIONE DELLA MONTAGNA<\/h3>\n<p><a class=\"dt-pswp-item\" href=\"http:\/\/www.radiopiu.net\/wordpress\/wp-content\/uploads\/2019\/11\/1992-15-agosto-Chamonix-Tama-festa-delle-guide-1.jpg\" data-dt-img-description=\"\" data-large_image_width=\"1724\" data-large_image_height=\"1184\"><img loading=\"lazy\" decoding=\"async\" class=\" wp-image-106806 alignleft\" src=\"http:\/\/www.radiopiu.net\/wordpress\/wp-content\/uploads\/2019\/11\/1992-15-agosto-Chamonix-Tama-festa-delle-guide-1-300x206.jpg\" alt=\"\" width=\"182\" height=\"125\" srcset=\"https:\/\/www.radiopiu.net\/wordpress\/wp-content\/uploads\/2019\/11\/1992-15-agosto-Chamonix-Tama-festa-delle-guide-1-300x206.jpg 300w, https:\/\/www.radiopiu.net\/wordpress\/wp-content\/uploads\/2019\/11\/1992-15-agosto-Chamonix-Tama-festa-delle-guide-1-768x527.jpg 768w, https:\/\/www.radiopiu.net\/wordpress\/wp-content\/uploads\/2019\/11\/1992-15-agosto-Chamonix-Tama-festa-delle-guide-1-1024x703.jpg 1024w, https:\/\/www.radiopiu.net\/wordpress\/wp-content\/uploads\/2019\/11\/1992-15-agosto-Chamonix-Tama-festa-delle-guide-1.jpg 1724w\" sizes=\"auto, (max-width: 182px) 100vw, 182px\" \/><\/a>Da: \u201cRagazzi terribili nel regno del sesto grado\u201d<br \/>\nIn Corriere della Sera del 22 settembre 1957 e riportato anche in Convegno. Antologia italiana per la scuola media, a cura di L. Bianchi-V. Mistruzzi, Zanichelli, Bologna, 1960<\/p>\n<p><strong>VOCE LORIS SANTOMASO<\/strong><\/p>\n<audio class=\"wp-audio-shortcode\" id=\"audio-105930-19\" preload=\"none\" style=\"width: 100%;\" controls=\"controls\"><source type=\"audio\/mpeg\" src=\"http:\/\/www.radiopiu.net\/wordpress\/wp-content\/uploads\/2019\/11\/La-passione-della-montagna.mp3?_=19\" \/><a href=\"http:\/\/www.radiopiu.net\/wordpress\/wp-content\/uploads\/2019\/11\/La-passione-della-montagna.mp3\">http:\/\/www.radiopiu.net\/wordpress\/wp-content\/uploads\/2019\/11\/La-passione-della-montagna.mp3<\/a><\/audio>\n<p>&nbsp;<\/p>\n<p>&nbsp;<\/p>\n<p>&nbsp;<\/p>\n<h3><\/h3>\n<p>&nbsp;<\/p>\n<p>&nbsp;<\/p>\n<p>&nbsp;<\/p>\n<\/div>","protected":false},"excerpt":{"rendered":"<p>[vc_row][vc_column][vc_column_text] 12 novembre 1919-12 novembre 2019 A cent&#8217;anni dalla nascita Radio Pi\u00f9 ricorda Armando &#8220;Tama&#8221; Da Roit &#8220;Frammenti di un uomo tutto d&#8217;un pezzo&#8221; sar\u00e0 il programma che, giorno per giorno, per tutta la settimana, ci condurr\u00e0 sulle tracce dell&#8217;alpinista, dell&#8217;amministratore pubblico, del politico, del padre di famiglia. E lo far\u00e0 con le testimonianze inedite&hellip;<\/p>\n","protected":false},"author":1,"featured_media":106008,"parent":0,"menu_order":0,"comment_status":"closed","ping_status":"closed","template":"","meta":{"_monsterinsights_skip_tracking":false,"_monsterinsights_sitenote_active":false,"_monsterinsights_sitenote_note":"","_monsterinsights_sitenote_category":0,"footnotes":""},"class_list":["post-105930","page","type-page","status-publish","has-post-thumbnail","hentry","description-off"],"_links":{"self":[{"href":"https:\/\/www.radiopiu.net\/wordpress\/wp-json\/wp\/v2\/pages\/105930","targetHints":{"allow":["GET"]}}],"collection":[{"href":"https:\/\/www.radiopiu.net\/wordpress\/wp-json\/wp\/v2\/pages"}],"about":[{"href":"https:\/\/www.radiopiu.net\/wordpress\/wp-json\/wp\/v2\/types\/page"}],"author":[{"embeddable":true,"href":"https:\/\/www.radiopiu.net\/wordpress\/wp-json\/wp\/v2\/users\/1"}],"replies":[{"embeddable":true,"href":"https:\/\/www.radiopiu.net\/wordpress\/wp-json\/wp\/v2\/comments?post=105930"}],"version-history":[{"count":0,"href":"https:\/\/www.radiopiu.net\/wordpress\/wp-json\/wp\/v2\/pages\/105930\/revisions"}],"wp:featuredmedia":[{"embeddable":true,"href":"https:\/\/www.radiopiu.net\/wordpress\/wp-json\/wp\/v2\/media\/106008"}],"wp:attachment":[{"href":"https:\/\/www.radiopiu.net\/wordpress\/wp-json\/wp\/v2\/media?parent=105930"}],"curies":[{"name":"wp","href":"https:\/\/api.w.org\/{rel}","templated":true}]}}