{"id":19,"date":"2021-12-06T15:45:16","date_gmt":"2021-12-06T14:45:16","guid":{"rendered":"http:\/\/www.radiopiu.net\/wordpress\/?page_id=19"},"modified":"2026-04-24T16:17:48","modified_gmt":"2026-04-24T14:17:48","slug":"annunciradiopiu","status":"publish","type":"page","link":"https:\/\/www.radiopiu.net\/wordpress\/annunciradiopiu\/","title":{"rendered":"MERCATINO"},"content":{"rendered":"<div class=\"wpb-content-wrapper\">[vc_row type=&#8221;vc_default&#8221; bg_type=&#8221;bg_color&#8221; bg_color_value=&#8221;#ddd1b5&#8243;][vc_column][vc_column_text]Informazioni relative al trattamento dei dati personali: I dati contenuti negli annunci vengono raccolti con la finalit\u00e0 di offrire il servizio richiesto dall&#8217;utente e verranno trattati in conformit\u00e0 alla normativa sulla privacy vigente. Informativa ai sensi dell\u2019art. 13 del Decreto legislativo 30 giugno 2003, n. 196 &#8211; Codice in materia di protezione dei dati personali e ulteriori informazioni. Annunci del mercatino gratuiti eccetto ricerca pesonale lavoro e immobiliari, come da listino.<\/p>\n<p>Per maggiori info sulla nostra privacy policy cliccare qui[\/vc_column_text][vc_message message_box_color=&#8221;warning&#8221;]Gli annunci si possono inviare solo ed esclusivamente via mail a radiopiu@radiopiu.it[\/vc_message][\/vc_column][\/vc_row][vc_row][vc_column][vc_column_text]\n<blockquote><p>&nbsp;<\/p><\/blockquote>\n<p>&nbsp;<\/p>\n<hr \/>\n<p>&nbsp;<\/p>\n<h1 style=\"text-align: center;\"><span style=\"color: #ff0000;\">CERCASI PERSONALE\u00a0<\/span><\/h1>\n<h1 style=\"text-align: center;\"><span style=\"color: #ff0000;\">\u00a0<\/span><\/h1>\n<p>24 04 Ristorante la cambra ad alleghe cerca un\/a barista e un cameriere\/a per stagione estiva si offre vitto e alloggio il numero \u00e8 3488844222<\/p>\n<p>20 04 A Canale d&#8217;Agordo cercasi badante-collaboratrice domestica per persona anziana quasi autusufficiente, dalle 9 alle 13&#8230;.339 70 57 096<\/p>\n<p>20 04 e: Baita Scoiattolo ai Piani di Pezz\u00e8 cerca x la stagione estiva barista e cameriere\/a sala. Lavoro prettamente diurno, possibilit\u00e0 di alloggio. Per info: 3497881165. \u00a0 \u00a0 \u00a0 \u00a0 \u00a0 \u00a0 \u00a0 \u00a0 \u00a0 \u00a0 \u00a0Mail: baitascoiattolo@gmail. com.<\/p>\n<p>20 04 La Capanna Cima Comelle di Canale d&#8217;Agordo cerca cameriere\/a sala\/bar e aiuto cucina per i mesi di luglio e agosto con possibilita&#8217; di proroga. Inviare cv presso capannacimacomelle@yahoo.it Oppure chiamare il 043760049<\/p>\n<p>&nbsp;<\/p>\n<p><a class=\"dt-pswp-item\" href=\"https:\/\/www.radiopiu.net\/wordpress\/wp-content\/uploads\/2026\/04\/Immagine-2026-04-16-100410.jpg\" data-dt-img-description=\"\" data-large_image_width=\"830\" data-large_image_height=\"605\"><img loading=\"lazy\" decoding=\"async\" class=\"aligncenter wp-image-507367\" src=\"https:\/\/www.radiopiu.net\/wordpress\/wp-content\/uploads\/2026\/04\/Immagine-2026-04-16-100410-300x219.jpg\" alt=\"\" width=\"199\" height=\"145\" srcset=\"https:\/\/www.radiopiu.net\/wordpress\/wp-content\/uploads\/2026\/04\/Immagine-2026-04-16-100410-300x219.jpg 300w, https:\/\/www.radiopiu.net\/wordpress\/wp-content\/uploads\/2026\/04\/Immagine-2026-04-16-100410-768x560.jpg 768w, https:\/\/www.radiopiu.net\/wordpress\/wp-content\/uploads\/2026\/04\/Immagine-2026-04-16-100410.jpg 830w\" sizes=\"auto, (max-width: 199px) 100vw, 199px\" \/><\/a><\/p>\n<p>16 04\u00a0 &#8220;Il Digonera Historic Hotel B&amp;B a Rocca Pietore cerca per la prossima stagione estiva, a partire da meta&#8217;\u00a0 giugno fino a fine di settembre:\u00a0 \u2013\u00a0 addetta alle colazioni (preparazione, servizio e lavaggio) e preparazione snack la sera, a tempo pieno.\u00a0 Richiesta minima esperienza in cucina e delle norme Hccp.\u00a0 cameriera\u00a0 sala\/bar per il servizio delle colazioni e\u00a0 bar serale, a tempo pieno. Richiesta conoscenza della lingua inglese.\u00a0 \u00a0&#8211; cameriera ai piani part time (con possibilit\u00e0 di tempo pieno). mail <a href=\"mailto:info@hoteldigonera.com\" target=\"_blank\" rel=\"noopener noreferrer\">info@hoteldigonera.com<\/a>\u00a0 whatsapp\u00a0 0437 529120.<\/p>\n<p>&nbsp;<\/p>\n<p><strong>A.S.C.A., Azienda Speciale Consortile Agordina, seleziona un educatore da inserire a tempo determinato presso la RS A di Agordo. Possono candidarsi persone in possesso di diploma o laurea in Educazione Professionale, Scienze dell\u2019Educazione o titoli equipollenti riconosciuti dallo Stato e dalla Regione Veneto.L\u2019assunzione prevede il livello 3 Super del contratto UNEBA, con un impegno di 38 ore settimanali. Per informazioni \u00e8 possibile contattare A.S.C.A. in via Dozza 1 ad Agordo, telefonando allo 0437 63 750<\/strong><\/p>\n<p>&nbsp;<\/p>\n<p><a class=\"dt-pswp-item\" href=\"https:\/\/www.radiopiu.net\/wordpress\/wp-content\/uploads\/2026\/04\/download-7.jpg\" data-dt-img-description=\"\" data-large_image_width=\"270\" data-large_image_height=\"187\"><img loading=\"lazy\" decoding=\"async\" class=\"aligncenter size-full wp-image-506873\" src=\"https:\/\/www.radiopiu.net\/wordpress\/wp-content\/uploads\/2026\/04\/download-7.jpg\" alt=\"\" width=\"270\" height=\"187\" \/><\/a><\/p>\n<p>17 04 Hotel la Montanina a Caprile di Alleghe cerca per la stagione estiva (4 mesi dal 20 maggio al 20 settembre circa) &#8211; Un Cuoco Capopartita Anche con possibilit\u00e0 di alloggio. Per invio curriculum mail: <a href=\"mailto:hotelcoldai@gmail.com\">hotelcoldai@gmail.com<\/a> Per informazioni tel. 3493665869 oppure 3473718796<\/p>\n<p>13 04 <span class=\"_aupe copyable-text xkrh14z\">HOTEL BELVEDERE FALCADE cerca per la stagione estiva le seguenti figure: personale per sala e bar e cameriere ai piani.4\u00a0<\/span><span class=\"_aupe copyable-text xkrh14z\"> 0437599021 oppure <\/span><span class=\"_aupe copyable-text xkrh14z\">info@belvederehotel.info<\/span><\/p>\n<p>13 04\u00a0 \u201cCASUMARO FLORIO E C. SRL, AZIENDA COMMERCIALE NEL SETTORE LEGNO CON SEDE OPERATIVA A SEDICO CERCA AUTISTA CON PATENTE \u201cC\u201d (CON ESPERIENZA). PER INFORMAZIONI TELEFONARE AL NUMERO 335-280761\u201d.<\/p>\n<p>13 04 \u201cHotel Adriana di Alleghe cerca a partire dal 1\u00b0 maggio per tutta la stagione estiva una figura di cameriere di sala con turni serali e un lavapiatti tutto fare, Si possono offrire vitto e alloggio. Per informazioni chiamare il numero 347-5326367 o mandare una mail all\u2019indirizzo <a href=\"mailto:info@hoteladriana.com\">info@hoteladriana.com<\/a>\u201d<\/p>\n<p>14 04 <strong><em>Hotel Portavescovo \u2013 Arabba <\/em><\/strong><em>Per la <strong>stagione estiva 2026<\/strong> (da giugno a settembre) cerchiamo le seguenti figure professionali:\u00a0 <\/em><strong><em>-cameriere\/a di sala\u00a0 <\/em><\/strong><em>Per informazioni: <\/em><em><a href=\"mailto:info@portavescovo.it\">info@portavescovo.it<\/a> \u00a0<\/em><em>335-7846165 <\/em><em>In caso di una proficua collaborazione, il rapporto di lavoro potr\u00e0 proseguire anche durante la successiva stagione invernale (da dicembre ad aprile).<\/em><\/p>\n<p><a class=\"dt-pswp-item\" href=\"https:\/\/www.radiopiu.net\/wordpress\/wp-content\/uploads\/2026\/04\/672673239_1382886860523123_315377777088314335_n.jpg\" data-dt-img-description=\"\" data-large_image_width=\"768\" data-large_image_height=\"576\"><img loading=\"lazy\" decoding=\"async\" class=\"aligncenter size-medium wp-image-507358\" src=\"https:\/\/www.radiopiu.net\/wordpress\/wp-content\/uploads\/2026\/04\/672673239_1382886860523123_315377777088314335_n-300x225.jpg\" alt=\"\" width=\"300\" height=\"225\" srcset=\"https:\/\/www.radiopiu.net\/wordpress\/wp-content\/uploads\/2026\/04\/672673239_1382886860523123_315377777088314335_n-300x225.jpg 300w, https:\/\/www.radiopiu.net\/wordpress\/wp-content\/uploads\/2026\/04\/672673239_1382886860523123_315377777088314335_n.jpg 768w\" sizes=\"auto, (max-width: 300px) 100vw, 300px\" \/><\/a>07 04 Autofficina e Carrozzeria Paganin di Agordo ricerca personale da inserire nel proprio organico con le mansioni di operaio meccanico e operaio carrozziere. Le figure ricercate si occuperanno rispettivamente di attivit\u00e0 di meccanica di base e lavorazioni di carrozzeria auto; per il ruolo di carrozziere \u00e8 richiesta capacit\u00e0 di operare in autonomia. La ricerca \u00e8 rivolta<\/p>\n<p>esclusivamente a candidati residenti nei paesi limitrofi della provincia di Belluno. Si richiedono: conoscenza della meccanica di base (per la figura di meccanico), esperienza pregressa nel settore carrozzeria (per la figura di carrozziere), affidabilit\u00e0, conoscenza della lingua italiana, utilizzo del PC, possesso di patente B e mezzo proprio. Si offre contratto a tempo indeterminato, previo superamento del periodo di prova, con orario full-time (8.00-12.00 \/ 13.00-17.00) e servizio mensa offerto dall\u2019azienda. Sede di lavoro: Agordo (BL). INFO whatsapp 344 173 6891<\/p>\n<p>13 04 Hotel La Maison Alleghe \u00e8 alla ricerca di: <b>BAGNINO\/A PER PISCINA ALL&#8217;APERTO <\/b><i>Stagione estiva giugno\/settembre <\/i>\u00a0<u>0437 723737<\/u>.<\/p>\n<p>11 04 Ristoro Fontanabona ad Alleghe assume * Lavapiatti\/tutto fare * Aiuto cuoco\u00a0 * Pizzaiolo Cerchiamo persone serie, motivate e con voglia di lavorare in squadra.Info e curriculum info@fontanabona.com o whatsapp 3282130131<\/p>\n<p><strong>\u00a0&#8220;La Ditta Ecologia Lena, con sede a La Valle Agordina, cerca urgentemente Autisti con patenti C o CE e CQC per ampliamento organico da inserire nella zona dell&#8217;Agordino e nella zona di Belluno. telefonare al 3475914905 e chiedere di Angelo oppure lo 0437\/931421&#8221;.<\/strong><\/p>\n<p>27 03 \u201cLa societ\u00e0 Tofana \u2013 Freccia nel Cielo cerca personale per la stagione estiva!\u00a0 Se sei una persona dinamica, affidabile e ti piace lavorare a contatto con il pubblico, unisciti al nostro team negli impianti di risalita di Tofana. Cerchiamo personale addetto agli impianti. Per informazioni o per candidarsi scrivi a: <a href=\"mailto:info@freccianelcielo.com\">info@freccianelcielo.com<\/a> \u201c<\/p>\n<div class=\"elementToProof\"><i>21 03 L\u2019Hotel Barance di Alleghe \u00e8 alla ricerca di un <b>Cuoco Capo Partita Secondi\u00a0 e <\/b>una <strong>Segretaria di ricevimento<\/strong> per gestione prenotazioni, check-in \/ check-out, accoglienza clienti, supporto amministrativo. e un \u00a0<b>. <\/b><\/i><i>Richiesta conoscenza lingua inglese e uso PC. <\/i>348\/5166897 \u00a0 \u00a0<u><a id=\"OWA5a611e4c-7fb8-7c7b-88cb-d9c050434280\" class=\"OWAAutoLink\" title=\"mailto:hotelbarance@gmail.com\" href=\"mailto:hotelbarance@gmail.com\" data-linkindex=\"0\">hotelbarance@gmail.com<\/a><\/u><\/div>\n<div><\/div>\n<p>&nbsp;<\/p>\n<div dir=\"auto\">\n<h1 style=\"text-align: center;\"><\/h1>\n<\/div>\n<h1 style=\"text-align: center;\"><span style=\"color: #ff0000;\">CERCO LAVORO<\/span><\/h1>\n<p><strong>17 04 Signora di 49 anni di Belluno cerca lavoro pomeriggio sera addetta pulizie o cameriera o altro lavoro&#8230;tel:3459935810<\/strong><\/p>\n<p><strong>12 04 Mi offro per assistenza ad anziani, disabili e bambini in zona alto agordino (Caprile, Alleghe, Cencenighe). Sono disponibile da subito. Garantisco formazione ed esperienza.\u00a0379 3126096<\/strong><\/p>\n<p><strong>12 04 Ragazza\u00a0 Italiana, effettua servizio di pulizie per privati e b&amp;b nelle seguenti zone: Caprile, Alleghe rocca Pietore, Saviner. 351 6365747<\/strong><\/p>\n<p>&nbsp;<\/p>\n<p>&nbsp;<\/p>\n<p>&nbsp;<\/p>\n<p>&nbsp;<\/p>\n<p>&nbsp;<\/p>\n<p>&nbsp;<\/p>\n<h1 style=\"text-align: center;\"><span style=\"color: #ff0000;\">AFFITTI\u00a0<\/span><\/h1>\n<p><strong>15 04 Cerco appartammento o anche stanza da condividere zona Agordo\/Taibon da subito. 349 0909413<\/strong><\/p>\n<p><strong>12 04 Ragazza di Falcade, cerca appartamento in affitto zona Falcade-Agordo e limitrofi.\u00a0347 6793335<\/strong><\/p>\n<p>&nbsp;<\/p>\n<div dir=\"auto\"><\/div>\n<blockquote><p>&nbsp;<\/p><\/blockquote>\n<hr \/>\n<hr \/>\n<hr \/>\n<hr \/>\n<hr \/>\n<hr \/>\n<hr \/>\n<hr \/>\n<hr \/>\n<hr \/>\n<hr \/>\n<h3><\/h3>\n<h1 style=\"text-align: center;\"><span style=\"color: #ff0000;\">MERCATINO PULCI MERCATINO PULCI<\/span><\/h1>\n<p>24 04 Vendo Dahiatsu Terios 1300 SX anno 2007 con 137000 km pneumatici al 90%,meccanica perfetta carrozzeria con bolle per leggera grandinata. 4000 euro. 347 7109201<\/p>\n<p><strong>23 04 Vendo 4 gomme estive causa cambio auto. Misure 205 \/ 452R17 88 W pi\u00f9 cerchi in lega neri da 17,usati entrambi una stagione. Prezzo 750 euro trattabili. 320 1928091<\/strong><\/p>\n<p><strong>23 04 Causa inutilizzo vendo barre porta tutto mai usate marca Fapa 500 \u20ac40. 328 2933041<\/strong><\/p>\n<p><strong>22 04 Vendo 4 gomme Nexen N Blue HD Plus misura 205\/55\/16 codice velocit\u00e0 91 V. Gomma al 90%\u00a0 Euro 200 trattabili 334 6546404<\/strong><\/p>\n<p><strong>21 04 VENDO MOTORINO KYMCO 50 DI CILINDRATA,OTTIME CONDIZIONI, UTILIZZATO POCO, SCADENZA REVISIONE MAGGIO 2027. 329 0189970<\/strong><\/p>\n<p><strong>21 04 Vendo C3 Picasso diesel hdi euro6 con 4 cerchi con gomma prezzo da concordare. 338 5984206<\/strong><\/p>\n<p><strong>21 04 Vendo Fiat Panda 1.3\u00a0 mjt 4X4 Diesel del 2010 con 128.000 Km. Buone condizioni, no ruggine. Prezzo 5500 trattabili. 340 8262435<\/strong><\/p>\n<p><strong>21 04 Vendo scooter Aprilia Atlantic 500 cc con cambio automatico, immatricolato nel 2003. Revisione valida fino a marzo 2028 e bollo pagato fino a febbraio 2027. Pronto all&#8217;uso, prezzo da concordare. 339 8374312<\/strong><\/p>\n<p>19 04 Vendo binocolo Nikon\u00a0 Action Ex 16&#215;50 CF come nuovo, imballo originale, usato solo da casa a Euro 150,00. 370 3162949.<\/p>\n<p>15 04 Vendo Suzuki Jimny Diesel 1.5 DDiS anno 2011 km. 133.000 con gancio traino. 329 5677550<\/p>\n<p>15 04 Vendo IDROSTUFA A PELLET Mod. MCZ Suite Hydromatic 24 mai usata per errato acquisto ad un Importo di Euro 2000,00 (trattabili) Trasporto a carico dell&#8217;Acquirente. 347 7709103<\/p>\n<p>13 04 Vendo Suzuki Jimny Diesel. Scadenza bollo gennaio 2027, revisione fatta a febbraio 2026. Km. 134,000. 348 8577423<\/p>\n<p>&nbsp;<\/p>\n<p>&nbsp;<\/p>\n<p>&nbsp;<\/p>\n<p>&nbsp;<\/p>\n<p>&nbsp;<\/p>\n<p>&nbsp;<\/p>\n<p>&nbsp;<\/p>\n<p>&nbsp;<\/p>\n<p>&nbsp;<\/p>\n<p>&nbsp;<\/p>\n<p>&nbsp;<\/p>\n<p>&nbsp;<\/p>\n<p>&nbsp;<\/p>\n<p>&nbsp;<\/p>\n<p>&nbsp;<\/p>\n<p>&nbsp;<\/p>\n<p>&nbsp;<\/p>\n<p>&nbsp;<\/p>\n<p>&nbsp;<\/p>\n<p>&nbsp;<\/p>\n<p>&nbsp;<\/p>\n<p>&nbsp;<\/p>\n<p>&nbsp;<\/p>\n<p>&nbsp;<\/p>\n<p>&nbsp;<\/p>\n<p>&nbsp;<\/p>\n<p>&nbsp;<\/p>\n<p>&nbsp;<\/p>\n<p>&nbsp;<\/p>\n<p>&nbsp;<\/p>\n<p>&nbsp;<\/p>\n<p>&nbsp;<\/p>\n<p>&nbsp;<\/p>\n<p>&nbsp;<\/p>\n<p>&nbsp;<\/p>\n<p>&nbsp;<\/p>\n<p>&nbsp;<\/p>\n<p>&nbsp;<\/p>\n<p>&nbsp;<\/p>\n<p>&nbsp;<\/p>\n<p>&nbsp;<\/p>\n<p>&nbsp;<\/p>\n<p>&nbsp;<\/p>\n<p>&nbsp;<\/p>\n<p>&nbsp;<\/p>\n<p>&nbsp;<\/p>\n<p>&nbsp;<\/p>\n<p>&nbsp;<\/p>\n<p>&nbsp;<\/p>\n<p>&nbsp;<\/p>\n<p>&nbsp;<\/p>\n<p>&nbsp;<\/p>\n<p>&nbsp;<\/p>\n<p>&nbsp;<\/p>\n<p>&nbsp;<\/p>\n<p>&nbsp;<\/p>\n<p>&nbsp;<\/p>\n<div class=\"moz-text-html\" lang=\"x-unicode\">\n<div class=\"yahoo-style-wrap\">\n<div dir=\"ltr\" data-setdir=\"false\"><\/div>\n<\/div>\n<\/div>\n<p>&nbsp;<\/p>\n<p>&nbsp;<\/p>\n<p>&nbsp;<\/p>\n<p>&nbsp;<\/p>\n<p>&nbsp;<\/p>\n<p>&nbsp;<\/p>\n<p>&nbsp;<\/p>\n<p>&nbsp;<\/p>\n<p>&nbsp;<\/p>\n<p>&nbsp;<\/p>\n<p>&nbsp;<\/p>\n<p>&nbsp;<\/p>\n<p>&nbsp;<\/p>\n<p>&nbsp;<\/p>\n<p>&nbsp;<\/p>\n<p>&nbsp;<\/p>\n<p>&nbsp;<\/p>\n<p>&nbsp;<\/p>\n<p>&nbsp;<\/p>\n<p>&nbsp;<\/p>\n<p>&nbsp;<\/p>\n<p>&nbsp;<\/p>\n<p>&nbsp;<\/p>\n<p>&nbsp;<\/p>\n<p>&nbsp;<\/p>\n<p>&nbsp;<\/p>\n<p>&nbsp;<\/p>\n<p>&nbsp;<\/p>\n<p>&nbsp;<\/p>\n<p>&nbsp;<\/p>\n<p>&nbsp;<\/p>\n<p>&nbsp;<\/p>\n<p>&nbsp;<\/p>\n<p>&nbsp;<\/p>\n<p>&nbsp;<\/p>\n<p>&nbsp;<\/p>\n<p>&nbsp;<\/p>\n<p>&nbsp;<\/p>\n<p>&nbsp;<\/p>\n<p>&nbsp;<\/p>\n<p>&nbsp;<\/p>\n<p>&nbsp;<\/p>\n<p>&nbsp;<\/p>\n<p>&nbsp;<\/p>\n<p>&nbsp;<\/p>\n<p>&nbsp;<\/p>\n<p>&nbsp;<\/p>\n<p>&nbsp;<\/p>\n<p>&nbsp;<\/p>\n<p>&nbsp;<\/p>\n<p>&nbsp;<\/p>\n<p>&nbsp;<\/p>\n<p>&nbsp;<\/p>\n<p>&nbsp;<\/p>\n<p>&nbsp;<\/p>\n<p>&nbsp;<\/p>\n<p>&nbsp;<\/p>\n<p>&nbsp;<\/p>\n<p>&nbsp;<\/p>\n<p>&nbsp;<\/p>\n<p>&nbsp;<\/p>\n<p>&nbsp;<\/p>\n<p>&nbsp;<\/p>\n<p>&nbsp;<\/p>\n<p>&nbsp;<\/p>\n<p>&nbsp;<\/p>\n<p>&nbsp;<\/p>\n<p>&nbsp;<\/p>\n<p>&nbsp;<\/p>\n<\/div>","protected":false},"excerpt":{"rendered":"<p>[vc_row type=&#8221;vc_default&#8221; bg_type=&#8221;bg_color&#8221; bg_color_value=&#8221;#ddd1b5&#8243;][vc_column][vc_column_text]Informazioni relative al trattamento dei dati personali: I dati contenuti negli annunci vengono raccolti con la finalit\u00e0 di offrire il servizio richiesto dall&#8217;utente e verranno trattati in conformit\u00e0 alla normativa sulla privacy vigente. Informativa ai sensi dell\u2019art. 13 del Decreto legislativo 30 giugno 2003, n. 196 &#8211; Codice in materia di protezione&hellip;<\/p>\n","protected":false},"author":1,"featured_media":0,"parent":0,"menu_order":20,"comment_status":"closed","ping_status":"closed","template":"","meta":{"_monsterinsights_skip_tracking":false,"_monsterinsights_sitenote_active":false,"_monsterinsights_sitenote_note":"","_monsterinsights_sitenote_category":0,"footnotes":""},"class_list":["post-19","page","type-page","status-publish","hentry","description-off"],"_links":{"self":[{"href":"https:\/\/www.radiopiu.net\/wordpress\/wp-json\/wp\/v2\/pages\/19","targetHints":{"allow":["GET"]}}],"collection":[{"href":"https:\/\/www.radiopiu.net\/wordpress\/wp-json\/wp\/v2\/pages"}],"about":[{"href":"https:\/\/www.radiopiu.net\/wordpress\/wp-json\/wp\/v2\/types\/page"}],"author":[{"embeddable":true,"href":"https:\/\/www.radiopiu.net\/wordpress\/wp-json\/wp\/v2\/users\/1"}],"replies":[{"embeddable":true,"href":"https:\/\/www.radiopiu.net\/wordpress\/wp-json\/wp\/v2\/comments?post=19"}],"version-history":[{"count":1065,"href":"https:\/\/www.radiopiu.net\/wordpress\/wp-json\/wp\/v2\/pages\/19\/revisions"}],"predecessor-version":[{"id":508703,"href":"https:\/\/www.radiopiu.net\/wordpress\/wp-json\/wp\/v2\/pages\/19\/revisions\/508703"}],"wp:attachment":[{"href":"https:\/\/www.radiopiu.net\/wordpress\/wp-json\/wp\/v2\/media?parent=19"}],"curies":[{"name":"wp","href":"https:\/\/api.w.org\/{rel}","templated":true}]}}